{"id":43,"date":"2017-02-16T09:17:00","date_gmt":"2017-02-16T08:17:00","guid":{"rendered":"http:\/\/mxajfmgl.preview.infomaniak.website\/?page_id=43"},"modified":"2026-01-27T10:23:10","modified_gmt":"2026-01-27T09:23:10","slug":"formulaires","status":"publish","type":"page","link":"https:\/\/suisse-trot.ch\/de\/formulaires\/","title":{"rendered":"FORMULARE"},"content":{"rendered":"<p>[et_pb_section fb_built=&#8221;1&#8243; admin_label=&#8221;Hero section&#8221; _builder_version=&#8221;4.19.4&#8243; use_background_color_gradient=&#8221;on&#8221; background_color_gradient_stops=&#8221;rgba(0,0,0,0.26) 0%|rgba(0,0,0,0.44) 100%&#8221; background_color_gradient_overlays_image=&#8221;on&#8221; background_color_gradient_start=&#8221;rgba(0,0,0,0.26)&#8221; background_color_gradient_end=&#8221;rgba(0,0,0,0.44)&#8221; background_image=&#8221;https:\/\/suisse-trot.ch\/wp-content\/uploads\/2022\/11\/trot-web-04.jpg&#8221; max_height=&#8221;650px&#8221; custom_margin=&#8221;|||&#8221; custom_padding=&#8221;10%||14%|&#8221; global_colors_info=&#8221;{}&#8221;][et_pb_row _builder_version=&#8221;4.16&#8243; module_alignment=&#8221;center&#8221; custom_margin=&#8221;|||&#8221; global_colors_info=&#8221;{}&#8221;][et_pb_column type=&#8221;4_4&#8243; _builder_version=&#8221;4.16&#8243; custom_padding=&#8221;1px|||&#8221; global_colors_info=&#8221;{}&#8221; custom_padding__hover=&#8221;|||&#8221;][et_pb_text _builder_version=&#8221;4.16&#8243; _module_preset=&#8221;default&#8221; text_font=&#8221;Roboto|300|||||||&#8221; text_text_color=&#8221;#FFFFFF&#8221; text_font_size=&#8221;80px&#8221; text_letter_spacing=&#8221;2px&#8221; header_2_text_color=&#8221;#FFFFFF&#8221; header_2_font_size=&#8221;80px&#8221; text_orientation=&#8221;center&#8221; animation_style=&#8221;slide&#8221; animation_direction=&#8221;bottom&#8221; text_font_size_tablet=&#8221;&#8221; text_font_size_phone=&#8221;57px&#8221; text_font_size_last_edited=&#8221;on|phone&#8221; global_colors_info=&#8221;{}&#8221;]<\/p>\n<p>Formulare<\/p>\n<p>[\/et_pb_text][\/et_pb_column][\/et_pb_row][\/et_pb_section][et_pb_section fb_built=&#8221;1&#8243; _builder_version=&#8221;4.16&#8243; background_color=&#8221;#f7f7f7&#8243; min_height=&#8221;810px&#8221; custom_margin=&#8221;0px||50px||false|false&#8221; custom_padding=&#8221;50px||50px||false|false&#8221; transparent_background=&#8221;off&#8221; make_fullwidth=&#8221;off&#8221; use_custom_width=&#8221;off&#8221; width_unit=&#8221;off&#8221; custom_width_px=&#8221;1080px&#8221; custom_width_percent=&#8221;80%&#8221; global_colors_info=&#8221;{}&#8221;][et_pb_row column_structure=&#8221;1_3,1_3,1_3&#8243; _builder_version=&#8221;4.16&#8243; _module_preset=&#8221;default&#8221; custom_margin=&#8221;-120px||30px||false|false&#8221; custom_margin_tablet=&#8221;&#8221; custom_margin_phone=&#8221;0px||0px||false|false&#8221; custom_margin_last_edited=&#8221;on|phone&#8221; custom_padding=&#8221;0px||||false|false&#8221; global_colors_info=&#8221;{}&#8221;][et_pb_column type=&#8221;1_3&#8243; _builder_version=&#8221;4.16&#8243; _module_preset=&#8221;default&#8221; background_color=&#8221;#FFFFFF&#8221; custom_padding=&#8221;||30px||false|false&#8221; box_shadow_style=&#8221;preset1&#8243; global_colors_info=&#8221;{}&#8221;][dsm_perspective_image src=&#8221;https:\/\/suisse-trot.ch\/wp-content\/uploads\/2021\/01\/membreicones-fines.png&#8221; title_text=&#8221;membreicones fines&#8221; align=&#8221;center&#8221; _builder_version=&#8221;4.16&#8243; _module_preset=&#8221;default&#8221; width=&#8221;50%&#8221; max_width=&#8221;50%&#8221; custom_margin=&#8221;0px||0px||false|false&#8221; custom_padding=&#8221;0px||0px||false|false&#8221; global_colors_info=&#8221;{}&#8221;][\/dsm_perspective_image][et_pb_toggle title=&#8221;Devenir membre&#8221; open_toggle_text_color=&#8221;#04b2d9&#8243; open_toggle_background_color=&#8221;RGBA(0,0,0,0)&#8221; closed_toggle_text_color=&#8221;#B3B3B3&#8243; closed_toggle_background_color=&#8221;RGBA(0,0,0,0)&#8221; icon_color=&#8221;#B3B3B3&#8243; open_icon_color=&#8221;#B3B3B3&#8243; _builder_version=&#8221;4.16&#8243; _module_preset=&#8221;default&#8221; title_level=&#8221;h3&#8243; title_font_size=&#8221;25px&#8221; closed_title_font=&#8221;|600|||||||&#8221; closed_title_text_align=&#8221;center&#8221; closed_title_font_size=&#8221;25px&#8221; body_text_align=&#8221;center&#8221; body_text_color=&#8221;RGBA(0,0,0,0)&#8221; text_orientation=&#8221;center&#8221; custom_padding=&#8221;0px||0px||false|false&#8221; border_width_all=&#8221;0px&#8221; global_colors_info=&#8221;{}&#8221;]<\/p>\n<p style=\"text-align: center;\"><span style=\"color: #04b2d9;\"><a href=\"https:\/\/suisse-trot.ch\/wp-content\/uploads\/2021\/03\/Antrag_Aktivmitglied_Demande-dadmission_membre-actif-DF.pdf\" target=\"_blank\" rel=\"noopener noreferrer\" style=\"color: #04b2d9;\">Antrag Aktivmitgliedschaft<\/a><\/span><\/p>\n<p style=\"text-align: center;\"><span style=\"color: #04b2d9;\"><a href=\"https:\/\/suisse-trot.ch\/wp-content\/uploads\/2021\/03\/Admission-membre-passif-Antrag-Passivmitglied-DF.pdf\" target=\"_blank\" rel=\"noopener noreferrer\" style=\"color: #04b2d9;\">Antrag Passivmitgliedschaft<\/a><\/span><\/p>\n<p style=\"text-align: center;\"><span style=\"color: #04b2d9;\"><a href=\"https:\/\/suisse-trot.ch\/wp-content\/uploads\/2021\/03\/Antrag-Passivmitgliedschaft-GmbH-DF.pdf\" target=\"_blank\" rel=\"noopener noreferrer\" style=\"color: #04b2d9;\">Antrag Mitgliedschaft GmbH<\/a><\/span><\/p>\n<p style=\"text-align: center;\"><a href=\"https:\/\/suisse-trot.ch\/wp-content\/uploads\/2021\/03\/Admission-eleveur-Antrag-Zuechter-DF.pdf\" title=\"Antrag Z\u00fcchter\" target=\"_blank\" rel=\"noopener noreferrer\"><span style=\"color: #04b2d9;\"><\/span><span style=\"color: #04b2d9;\">Antrag Z\u00fcchter<\/span><\/a><\/p>\n<p style=\"text-align: center;\"><a href=\"https:\/\/suisse-trot.ch\/wp-content\/uploads\/2021\/03\/Uebernahme-Rennfarben-Reprise-de-couleurs-DF.pdf\" target=\"_blank\" rel=\"noopener noreferrer\"><span style=\"color: #1d71b8;\"><span style=\"color: #04b2d9;\">\u00dcbernahme von Rennfarben<\/span><\/span><\/a><\/p>\n<p>[\/et_pb_toggle][\/et_pb_column][et_pb_column type=&#8221;1_3&#8243; _builder_version=&#8221;4.16&#8243; _module_preset=&#8221;default&#8221; background_color=&#8221;#FFFFFF&#8221; custom_padding=&#8221;||30px||false|false&#8221; box_shadow_style=&#8221;preset1&#8243; global_colors_info=&#8221;{}&#8221;][dsm_perspective_image src=&#8221;https:\/\/suisse-trot.ch\/wp-content\/uploads\/2021\/01\/elevageicones-fines.png&#8221; title_text=&#8221;\u00e9levageicones fines&#8221; align=&#8221;center&#8221; _builder_version=&#8221;4.16&#8243; _module_preset=&#8221;default&#8221; width=&#8221;50%&#8221; max_width=&#8221;50%&#8221; custom_margin=&#8221;0px||0px||false|false&#8221; custom_padding=&#8221;0px||0px||false|false&#8221; global_colors_info=&#8221;{}&#8221;][\/dsm_perspective_image][et_pb_toggle title=&#8221;Chevaux&#8221; open_toggle_text_color=&#8221;#04b2d9&#8243; open_toggle_background_color=&#8221;RGBA(0,0,0,0)&#8221; closed_toggle_text_color=&#8221;#B3B3B3&#8243; closed_toggle_background_color=&#8221;RGBA(0,0,0,0)&#8221; icon_color=&#8221;#B3B3B3&#8243; open_icon_color=&#8221;#B3B3B3&#8243; _builder_version=&#8221;4.20.4&#8243; _module_preset=&#8221;default&#8221; title_level=&#8221;h3&#8243; title_font_size=&#8221;25px&#8221; closed_title_font=&#8221;|600|||||||&#8221; closed_title_text_align=&#8221;center&#8221; closed_title_font_size=&#8221;25px&#8221; body_text_align=&#8221;center&#8221; body_text_color=&#8221;RGBA(0,0,0,0)&#8221; text_orientation=&#8221;center&#8221; custom_padding=&#8221;0px||0px||false|false&#8221; border_width_all=&#8221;0px&#8221; global_colors_info=&#8221;{}&#8221;]<\/p>\n<p style=\"text-align: center;\"><span style=\"color: #04b2d9;\"><a href=\"https:\/\/suisse-trot.ch\/wp-content\/uploads\/2021\/02\/Besitzwechsel-Changement-de-propriete-DF.pdf\" target=\"_blank\" rel=\"noopener noreferrer\" style=\"color: #04b2d9;\">Besitzwechsel<\/a><\/span><\/p>\n<p style=\"text-align: center;\"><span style=\"color: #04b2d9;\"><a href=\"https:\/\/suisse-trot.ch\/wp-content\/uploads\/2021\/06\/Bestaetigung-Besitzer-Declaration-propriete-DF.pdf\" target=\"_blank\" rel=\"noopener noreferrer\" style=\"color: #04b2d9;\">Besitzbest\u00e4tigung Besitzer<\/a><\/span><\/p>\n<p style=\"text-align: center;\"><span style=\"color: #04b2d9;\"><a href=\"https:\/\/suisse-trot.ch\/wp-content\/uploads\/2021\/03\/Aufhebung-Vermietung-Annulation-Location-DF.pdf\" target=\"_blank\" rel=\"noopener noreferrer\" style=\"color: #04b2d9;\">Aufhebung Vermietung<\/a><\/span><\/p>\n<p style=\"text-align: center;\"><span style=\"color: #04b2d9;\"><a href=\"https:\/\/suisse-trot.ch\/wp-content\/uploads\/2021\/06\/Anzeige-Besitzverhaeltnisse-bei-Teilhaberschaft-Declaration-de-propriete-en-copropriete-DF.pdf\" target=\"_blank\" rel=\"noopener noreferrer\" style=\"color: #04b2d9;\">Besitzbest\u00e4tigung f\u00fcr Teilhaber<\/a><\/span><\/p>\n<p style=\"text-align: center;\"><span style=\"color: #04b2d9;\"><a href=\"https:\/\/suisse-trot.ch\/wp-content\/uploads\/2021\/03\/Anzeige-Teilhaberschaft-Declaration-de-copropriete-DF-1.pdf\" target=\"_blank\" rel=\"noopener noreferrer\" style=\"color: #04b2d9;\">Anzeige einer Teilhaberschaft<\/a><\/span><\/p>\n<p style=\"text-align: center;\"><span style=\"color: #04b2d9;\"><a href=\"https:\/\/suisse-trot.ch\/wp-content\/uploads\/2021\/03\/Aufhebung-Teilhaberschaft-Resiliation-copropriete-DF.pdf\" target=\"_blank\" rel=\"noopener noreferrer\" style=\"color: #04b2d9;\">Aufhebung einer Teilhaberschaft<\/a><\/span><\/p>\n<p style=\"text-align: center;\"><span style=\"color: #04b2d9;\"><a href=\"https:\/\/suisse-trot.ch\/wp-content\/uploads\/2025\/03\/Streichung-Pferd-Radiation-Cheval-DF.pdf\" target=\"_blank\" rel=\"noopener noreferrer\" style=\"color: #04b2d9;\">Definitive Streichung aus dem Register<\/a><\/span><\/p>\n<p>[\/et_pb_toggle][\/et_pb_column][et_pb_column type=&#8221;1_3&#8243; _builder_version=&#8221;4.16&#8243; _module_preset=&#8221;default&#8221; background_color=&#8221;#FFFFFF&#8221; custom_padding=&#8221;||30px||false|false&#8221; box_shadow_style=&#8221;preset1&#8243; global_colors_info=&#8221;{}&#8221;][dsm_perspective_image src=&#8221;https:\/\/suisse-trot.ch\/wp-content\/uploads\/2021\/01\/entraineuricones-fines.png&#8221; title_text=&#8221;entraineuricones fines&#8221; align=&#8221;center&#8221; _builder_version=&#8221;4.16&#8243; _module_preset=&#8221;default&#8221; width=&#8221;50%&#8221; max_width=&#8221;50%&#8221; custom_margin=&#8221;0px||0px||false|false&#8221; custom_padding=&#8221;0px||0px||false|false&#8221; global_colors_info=&#8221;{}&#8221;][\/dsm_perspective_image][et_pb_toggle title=&#8221;Entra\u00eeneurs&#8221; open_toggle_text_color=&#8221;#04b2d9&#8243; open_toggle_background_color=&#8221;RGBA(0,0,0,0)&#8221; closed_toggle_text_color=&#8221;#B3B3B3&#8243; closed_toggle_background_color=&#8221;RGBA(0,0,0,0)&#8221; icon_color=&#8221;#B3B3B3&#8243; open_icon_color=&#8221;#B3B3B3&#8243; _builder_version=&#8221;4.16&#8243; _module_preset=&#8221;default&#8221; title_level=&#8221;h3&#8243; title_font_size=&#8221;25px&#8221; closed_title_font=&#8221;|600|||||||&#8221; closed_title_text_align=&#8221;center&#8221; closed_title_font_size=&#8221;25px&#8221; body_text_align=&#8221;center&#8221; text_orientation=&#8221;center&#8221; custom_padding=&#8221;0px||0px||false|false&#8221; border_width_all=&#8221;0px&#8221; global_colors_info=&#8221;{}&#8221;]<\/p>\n<p style=\"text-align: center;\"><span style=\"color: #04b2d9;\"><a href=\"https:\/\/suisse-trot.ch\/wp-content\/uploads\/2021\/02\/11_-_Suivi_des_medications_-_Medikationskontrolle.pdf\" target=\"_blank\" rel=\"noopener noreferrer\" style=\"color: #04b2d9;\">Medikationskontrolle<\/a><\/span><\/p>\n<p style=\"text-align: center;\"><span style=\"color: #04b2d9;\"><a href=\"https:\/\/suisse-trot.ch\/wp-content\/uploads\/2021\/03\/Certificat-veterinaire-Tieraerztliches-Zeugnis-DF.pdf\" target=\"_blank\" rel=\"noopener noreferrer\" style=\"color: #04b2d9;\">Tierarztzeugnis<\/a><\/span><\/p>\n<p style=\"text-align: center;\"><span style=\"color: #04b2d9;\"><a href=\"https:\/\/suisse-trot.ch\/wp-content\/uploads\/2021\/03\/Rapport-controle-veterinaire-Tierarztlicher-Rapport-DF.pdf\" target=\"_blank\" rel=\"noopener noreferrer\" style=\"color: #04b2d9;\">Bericht tier\u00e4rztliche Kontrolle<\/a><\/span><\/p>\n<p style=\"text-align: center;\"><span style=\"color: #04b2d9;\"><a href=\"https:\/\/suisse-trot.ch\/wp-content\/uploads\/2021\/03\/Identifikations-Attest_DF.pdf\" target=\"_blank\" rel=\"noopener noreferrer\" style=\"color: #04b2d9;\">Identifikationsattest<\/a><\/span><\/p>\n<p style=\"text-align: center;\"><span style=\"color: #04b2d9;\"><a href=\"https:\/\/suisse-trot.ch\/wp-content\/uploads\/2021\/02\/14_-_Demande_nouvel_equipement_-_Antrag_auf_neues_Zubehor.pdf\" target=\"_blank\" rel=\"noopener noreferrer\" style=\"color: #04b2d9;\">Antrag auf neues Zubeh\u00f6r<\/a><\/span><\/p>\n<p>[\/et_pb_toggle][\/et_pb_column][\/et_pb_row][et_pb_row column_structure=&#8221;1_3,1_3,1_3&#8243; _builder_version=&#8221;4.16&#8243; _module_preset=&#8221;default&#8221; custom_margin=&#8221;30px||30px||false|false&#8221; custom_margin_tablet=&#8221;&#8221; custom_margin_phone=&#8221;0px||0px||false|false&#8221; custom_margin_last_edited=&#8221;on|phone&#8221; custom_padding=&#8221;0px||0px||false|false&#8221; global_colors_info=&#8221;{}&#8221;][et_pb_column type=&#8221;1_3&#8243; _builder_version=&#8221;4.16&#8243; _module_preset=&#8221;default&#8221; background_color=&#8221;#FFFFFF&#8221; custom_padding=&#8221;||30px||false|false&#8221; box_shadow_style=&#8221;preset1&#8243; global_colors_info=&#8221;{}&#8221;][dsm_perspective_image src=&#8221;https:\/\/suisse-trot.ch\/wp-content\/uploads\/2021\/01\/licenceicones-fines.png&#8221; title_text=&#8221;licenceicones fines&#8221; align=&#8221;center&#8221; _builder_version=&#8221;4.16&#8243; _module_preset=&#8221;default&#8221; width=&#8221;50%&#8221; max_width=&#8221;50%&#8221; custom_margin=&#8221;0px||0px||false|false&#8221; custom_padding=&#8221;0px||0px||false|false&#8221; global_colors_info=&#8221;{}&#8221;][\/dsm_perspective_image][et_pb_toggle title=&#8221;Licences&#8221; open_toggle_text_color=&#8221;#04b2d9&#8243; open_toggle_background_color=&#8221;RGBA(0,0,0,0)&#8221; closed_toggle_text_color=&#8221;#B3B3B3&#8243; closed_toggle_background_color=&#8221;RGBA(0,0,0,0)&#8221; icon_color=&#8221;#B3B3B3&#8243; open_icon_color=&#8221;#B3B3B3&#8243; _builder_version=&#8221;4.20.4&#8243; _module_preset=&#8221;default&#8221; title_level=&#8221;h3&#8243; title_font_size=&#8221;25px&#8221; closed_title_font=&#8221;|600|||||||&#8221; closed_title_text_align=&#8221;center&#8221; closed_title_font_size=&#8221;25px&#8221; body_text_align=&#8221;center&#8221; text_orientation=&#8221;center&#8221; custom_padding=&#8221;0px||0px||false|false&#8221; border_width_all=&#8221;0px&#8221; global_colors_info=&#8221;{}&#8221;]<\/p>\n<p style=\"text-align: center;\"><span style=\"color: #04b2d9;\"><a href=\"https:\/\/suisse-trot.ch\/wp-content\/uploads\/2025\/03\/Lizenzerneuerung_2026.pdf\" style=\"color: #04b2d9;\" target=\"_blank\" rel=\"noopener noreferrer\">Lizenzerneuerung 2026<\/a><\/span><br \/><span style=\"color: #04b2d9;\"><a href=\"https:\/\/suisse-trot.ch\/wp-content\/uploads\/2025\/03\/Bestatigung-Haftpflichtversicherung-2026.pdf\" style=\"color: #04b2d9;\" target=\"_blank\" rel=\"noopener noreferrer\">Best\u00e4tigung Haftpflichtversicherung 2026<\/a><\/span><br \/><a href=\"https:\/\/suisse-trot.ch\/wp-content\/uploads\/2025\/03\/Bestatigung-Unfallversicherung-2026.pdf\" target=\"_blank\" rel=\"noopener noreferrer\"><span style=\"color: #04b2d9;\">Best\u00e4tigung Unfallversicherung 2026<\/span><\/a><\/p>\n<p>[\/et_pb_toggle][\/et_pb_column][et_pb_column type=&#8221;1_3&#8243; _builder_version=&#8221;4.16&#8243; _module_preset=&#8221;default&#8221; background_color=&#8221;#FFFFFF&#8221; custom_padding=&#8221;||30px||false|false&#8221; box_shadow_style=&#8221;preset1&#8243; global_colors_info=&#8221;{}&#8221;][dsm_perspective_image src=&#8221;https:\/\/suisse-trot.ch\/wp-content\/uploads\/2021\/02\/Plan-de-travail-17degrade.png&#8221; title_text=&#8221;Plan de travail 17degrade&#8221; align=&#8221;center&#8221; _builder_version=&#8221;4.16&#8243; _module_preset=&#8221;default&#8221; width=&#8221;50%&#8221; max_width=&#8221;50%&#8221; custom_margin=&#8221;0px||0px||false|false&#8221; custom_padding=&#8221;0px||0px||false|false&#8221; global_colors_info=&#8221;{}&#8221;][\/dsm_perspective_image][et_pb_toggle title=&#8221;Examen licences&#8221; open_toggle_text_color=&#8221;#04b2d9&#8243; open_toggle_background_color=&#8221;RGBA(0,0,0,0)&#8221; closed_toggle_text_color=&#8221;#B3B3B3&#8243; closed_toggle_background_color=&#8221;RGBA(0,0,0,0)&#8221; icon_color=&#8221;#B3B3B3&#8243; open_icon_color=&#8221;#B3B3B3&#8243; _builder_version=&#8221;4.20.4&#8243; _module_preset=&#8221;default&#8221; title_level=&#8221;h3&#8243; title_font_size=&#8221;25px&#8221; closed_title_font=&#8221;|600|||||||&#8221; closed_title_text_align=&#8221;center&#8221; closed_title_font_size=&#8221;25px&#8221; body_text_align=&#8221;center&#8221; text_orientation=&#8221;center&#8221; custom_padding=&#8221;0px||0px||false|false&#8221; hover_enabled=&#8221;0&#8243; border_width_all=&#8221;0px&#8221; global_colors_info=&#8221;{}&#8221; sticky_enabled=&#8221;0&#8243;]<\/p>\n<p style=\"text-align: center;\"><span style=\"color: #04b2d9;\"><a href=\"https:\/\/suisse-trot.ch\/wp-content\/uploads\/2026\/01\/Anmeldeformular-Amateurfahrer-Lizenz.pdf\" style=\"color: #04b2d9;\" target=\"_blank\" rel=\"noopener noreferrer\">Anmeldeformular - Amateurfahrer<\/a><br \/><a href=\"https:\/\/suisse-trot.ch\/wp-content\/uploads\/2026\/01\/Anmeldeformular-Amateurtrainer.pdf\">Anmeldeformular - Amateurtrainer<\/a><br \/><\/span><\/p>\n<p>[\/et_pb_toggle][\/et_pb_column][et_pb_column type=&#8221;1_3&#8243; _builder_version=&#8221;4.16&#8243; _module_preset=&#8221;default&#8221; background_color=&#8221;#FFFFFF&#8221; custom_padding=&#8221;||30px||false|false&#8221; box_shadow_style=&#8221;preset1&#8243; global_colors_info=&#8221;{}&#8221;][dsm_perspective_image src=&#8221;https:\/\/suisse-trot.ch\/wp-content\/uploads\/2021\/01\/etrangericones-fines.png&#8221; title_text=&#8221;\u00e9trangericones fines&#8221; align=&#8221;center&#8221; _builder_version=&#8221;4.16&#8243; _module_preset=&#8221;default&#8221; width=&#8221;50%&#8221; max_width=&#8221;50%&#8221; custom_margin=&#8221;0px||0px||false|false&#8221; custom_padding=&#8221;0px||0px||false|false&#8221; global_colors_info=&#8221;{}&#8221;][\/dsm_perspective_image][et_pb_toggle title=&#8221;\u00c9tranger&#8221; open_toggle_text_color=&#8221;#04b2d9&#8243; open_toggle_background_color=&#8221;RGBA(0,0,0,0)&#8221; closed_toggle_text_color=&#8221;#B3B3B3&#8243; closed_toggle_background_color=&#8221;RGBA(0,0,0,0)&#8221; icon_color=&#8221;#B3B3B3&#8243; open_icon_color=&#8221;#B3B3B3&#8243; _builder_version=&#8221;4.16&#8243; _module_preset=&#8221;default&#8221; title_level=&#8221;h3&#8243; title_font_size=&#8221;25px&#8221; closed_title_font=&#8221;|600|||||||&#8221; closed_title_text_align=&#8221;center&#8221; closed_title_font_size=&#8221;25px&#8221; body_text_align=&#8221;center&#8221; text_orientation=&#8221;center&#8221; custom_padding=&#8221;0px||0px||false|false&#8221; border_width_all=&#8221;0px&#8221; global_colors_info=&#8221;{}&#8221;]<\/p>\n<p style=\"text-align: center;\"><a href=\"https:\/\/suisse-trot.ch\/wp-content\/uploads\/2021\/03\/ENGAGEMENTS-PREVUS-A-LETRANGER-DF.pdf\" target=\"_blank\" rel=\"noopener noreferrer\"><span color=\"#04b2d9\" style=\"color: #04b2d9;\">Beabsichtigte Nennungen im Ausland<\/span><\/a><\/p>\n<p style=\"text-align: center;\"><a href=\"https:\/\/suisse-trot.ch\/wp-content\/uploads\/2021\/03\/RESULTATS-DES-COURSES-A-LETRANGER-DF.pdf\" target=\"_blank\" rel=\"noopener noreferrer\">Resultate der Rennen im Ausland<\/a><\/p>\n<p style=\"text-align: center;\"><a href=\"https:\/\/suisse-trot.ch\/wp-content\/uploads\/2021\/02\/Export-Process-Le-Trot.pdf\" target=\"_blank\" rel=\"noopener noreferrer\"><span color=\"#04b2d9\" style=\"color: #04b2d9;\">Prozess - Bestellung Exportzertifikate (Frankreich)<\/span><\/a><\/p>\n<p style=\"text-align: center;\"><span style=\"color: #04b2d9;\"><a href=\"https:\/\/suisse-trot.ch\/wp-content\/uploads\/2021\/02\/26_IBAN_SECF_Exportations_-_Ausfuhrscheine-1.pdf\" target=\"_blank\" rel=\"noopener noreferrer\" style=\"color: #04b2d9;\">IBAN SECF Ausfuhrscheine<\/a><\/span><\/p>\n<p>[\/et_pb_toggle][\/et_pb_column][\/et_pb_row][et_pb_row column_structure=&#8221;1_3,1_3,1_3&#8243; _builder_version=&#8221;4.16&#8243; _module_preset=&#8221;default&#8221; custom_margin=&#8221;30px||30px||false|false&#8221; custom_margin_tablet=&#8221;&#8221; custom_margin_phone=&#8221;0px||0px||false|false&#8221; custom_margin_last_edited=&#8221;on|phone&#8221; custom_padding=&#8221;30px||0px||false|false&#8221; global_colors_info=&#8221;{}&#8221;][et_pb_column type=&#8221;1_3&#8243; _builder_version=&#8221;4.16&#8243; _module_preset=&#8221;default&#8221; background_color=&#8221;#FFFFFF&#8221; custom_padding=&#8221;||30px||false|false&#8221; box_shadow_style=&#8221;preset1&#8243; global_colors_info=&#8221;{}&#8221;][dsm_perspective_image src=&#8221;https:\/\/suisse-trot.ch\/wp-content\/uploads\/2021\/02\/Plan-de-travail-18elevage.png&#8221; title_text=&#8221;Plan de travail 18elevage&#8221; align=&#8221;center&#8221; _builder_version=&#8221;4.16&#8243; _module_preset=&#8221;default&#8221; width=&#8221;50%&#8221; max_width=&#8221;50%&#8221; custom_margin=&#8221;0px||0px||false|false&#8221; custom_padding=&#8221;0px||0px||false|false&#8221; global_colors_info=&#8221;{}&#8221;][\/dsm_perspective_image][et_pb_toggle title=&#8221;\u00c9levage&#8221; open_toggle_text_color=&#8221;#04b2d9&#8243; open_toggle_background_color=&#8221;RGBA(0,0,0,0)&#8221; closed_toggle_text_color=&#8221;#B3B3B3&#8243; closed_toggle_background_color=&#8221;RGBA(0,0,0,0)&#8221; icon_color=&#8221;#B3B3B3&#8243; open_icon_color=&#8221;#B3B3B3&#8243; _builder_version=&#8221;4.19.1&#8243; _module_preset=&#8221;default&#8221; title_level=&#8221;h3&#8243; title_font_size=&#8221;25px&#8221; closed_title_font=&#8221;|600|||||||&#8221; closed_title_text_align=&#8221;center&#8221; closed_title_font_size=&#8221;25px&#8221; body_text_align=&#8221;center&#8221; text_orientation=&#8221;center&#8221; custom_padding=&#8221;0px||0px||false|false&#8221; border_width_all=&#8221;0px&#8221; global_colors_info=&#8221;{}&#8221;]<\/p>\n<p style=\"text-align: center;\"><span style=\"color: #04b2d9;\"><a href=\"https:\/\/suisse-trot.ch\/wp-content\/uploads\/2021\/02\/Inscription-pouliniere-studbook-suisse.pdf\" target=\"_blank\" rel=\"noopener noreferrer\" style=\"color: #04b2d9;\">Anmeldung Zuchtstute<\/a><\/span><\/p>\n<p style=\"text-align: center;\"><span style=\"color: #04b2d9;\"><a href=\"https:\/\/suisse-trot.ch\/wp-content\/uploads\/2021\/02\/Radiation-pouliniere-studbook-suisse.pdf\" target=\"_blank\" rel=\"noopener noreferrer\" style=\"color: #04b2d9;\">Streichung Zuchtstute<\/a><\/span><\/p>\n<p>[\/et_pb_toggle][\/et_pb_column][et_pb_column type=&#8221;1_3&#8243; _builder_version=&#8221;4.16&#8243; _module_preset=&#8221;default&#8221; background_color=&#8221;#FFFFFF&#8221; custom_padding=&#8221;||30px||false|false&#8221; box_shadow_style=&#8221;preset1&#8243; global_colors_info=&#8221;{}&#8221;][dsm_perspective_image src=&#8221;https:\/\/suisse-trot.ch\/wp-content\/uploads\/2021\/01\/comptabiliteicones-fines.png&#8221; title_text=&#8221;comptabilit\u00e9icones fines&#8221; align=&#8221;center&#8221; _builder_version=&#8221;4.16&#8243; _module_preset=&#8221;default&#8221; width=&#8221;50%&#8221; max_width=&#8221;50%&#8221; custom_margin=&#8221;0px||0px||false|false&#8221; custom_padding=&#8221;0px||0px||false|false&#8221; global_colors_info=&#8221;{}&#8221;][\/dsm_perspective_image][et_pb_toggle title=&#8221;Comptabilit\u00e9&#8221; open_toggle_text_color=&#8221;#04b2d9&#8243; open_toggle_background_color=&#8221;RGBA(0,0,0,0)&#8221; closed_toggle_text_color=&#8221;#B3B3B3&#8243; closed_toggle_background_color=&#8221;RGBA(0,0,0,0)&#8221; icon_color=&#8221;#B3B3B3&#8243; open_icon_color=&#8221;#B3B3B3&#8243; _builder_version=&#8221;4.20.4&#8243; _module_preset=&#8221;default&#8221; title_level=&#8221;h3&#8243; title_font_size=&#8221;25px&#8221; closed_title_font=&#8221;|600|||||||&#8221; closed_title_text_align=&#8221;center&#8221; closed_title_font_size=&#8221;25px&#8221; body_text_align=&#8221;center&#8221; text_orientation=&#8221;center&#8221; custom_padding=&#8221;0px||0px||false|false&#8221; border_width_all=&#8221;0px&#8221; global_colors_info=&#8221;{}&#8221;]<\/p>\n<p style=\"text-align: center;\"><span style=\"color: #04b2d9;\"><a href=\"https:\/\/suisse-trot.ch\/wp-content\/uploads\/2021\/03\/Kontouebertrag-Transfer-de-compte-SUISSE-TROT-DF.pdf\" target=\"_blank\" rel=\"noopener noreferrer\" style=\"color: #04b2d9;\">Konto\u00fcbertrag<\/a><\/span><\/p>\n<p style=\"text-align: center;\"><a href=\"https:\/\/suisse-trot.ch\/wp-content\/uploads\/2024\/02\/Zahlungsauftrag-Ordre-de-virement-SUISSE-TROT_DF.pdf\"><span style=\"color: #04b2d9;\">Zahlungsauftrag<\/span><\/a><\/p>\n<p>[\/et_pb_toggle][\/et_pb_column][et_pb_column type=&#8221;1_3&#8243; _builder_version=&#8221;4.16&#8243; _module_preset=&#8221;default&#8221; background_color=&#8221;#FFFFFF&#8221; custom_padding=&#8221;||30px||false|false&#8221; box_shadow_style=&#8221;preset1&#8243; global_colors_info=&#8221;{}&#8221;][dsm_perspective_image src=&#8221;https:\/\/suisse-trot.ch\/wp-content\/uploads\/2021\/01\/ienadegrade.png&#8221; title_text=&#8221;ienadegrade&#8221; align=&#8221;center&#8221; _builder_version=&#8221;4.16&#8243; _module_preset=&#8221;default&#8221; width=&#8221;50%&#8221; max_width=&#8221;50%&#8221; custom_margin=&#8221;0px||0px||false|false&#8221; custom_padding=&#8221;0px||0px||false|false&#8221; global_colors_info=&#8221;{}&#8221;][\/dsm_perspective_image][et_pb_toggle title=&#8221;IENA&#8221; open_toggle_text_color=&#8221;#04b2d9&#8243; open_toggle_background_color=&#8221;RGBA(0,0,0,0)&#8221; closed_toggle_text_color=&#8221;#B3B3B3&#8243; closed_toggle_background_color=&#8221;RGBA(0,0,0,0)&#8221; icon_color=&#8221;#B3B3B3&#8243; open_icon_color=&#8221;#B3B3B3&#8243; _builder_version=&#8221;4.20.4&#8243; _module_preset=&#8221;default&#8221; title_level=&#8221;h3&#8243; title_font_size=&#8221;25px&#8221; closed_title_font=&#8221;|600|||||||&#8221; closed_title_text_align=&#8221;center&#8221; closed_title_font_size=&#8221;25px&#8221; body_text_align=&#8221;center&#8221; text_orientation=&#8221;center&#8221; custom_padding=&#8221;0px||0px||false|false&#8221; border_width_all=&#8221;0px&#8221; global_colors_info=&#8221;{}&#8221;]<\/p>\n<p style=\"text-align: center;\"><span style=\"color: #04b2d9;\"><a href=\"https:\/\/suisse-trot.ch\/wp-content\/uploads\/2025\/03\/IENA-01-Exemption-test-Coggins-Nouveaux-chevaux_Erlass-Coggins-Test_Neue-Pferde_V01_28-03-2025_DF.pdf\" target=\"_blank\" rel=\"noopener noreferrer\" style=\"color: #04b2d9;\">Gesuch Erlass Coggins-Test - neue Pferde<\/a><\/span><\/p>\n<p style=\"text-align: center;\"><span style=\"color: #04b2d9;\"><a href=\"https:\/\/suisse-trot.ch\/wp-content\/uploads\/2025\/03\/IENA-01-Exemption-test-Coggins-Chevaux-pensionnaires_Erlass-Coggins-Test-Pferd-PensionareV01_28-03-2025_DF.pdf\" target=\"_blank\" rel=\"noopener noreferrer\" style=\"color: #04b2d9;\">Gesuch Erlass Coggins-Test - Wiedereinfuhr Pferde <\/a><\/span><\/p>\n<p>[\/et_pb_toggle][\/et_pb_column][\/et_pb_row][\/et_pb_section]<\/p>","protected":false},"excerpt":{"rendered":"<p>Formulare<div class=\"et_pb_module none divienhancer-hover-effect dsm_perspective_image dsm_perspective_image_0\">\n\t\t\t\t\n\t\t\t\t\n\t\t\t\t\n\t\t\t\t\n\t\t\t\t\n\t\t\t\t\n\t\t\t\t<div class=\"et_pb_module_inner\">\n\t\t\t\t\t<div class=\"dsm-perspective-image-wrapper et_always_center_on_mobile\">\n\t\t\t\t\n\t\t\t\t\n\t\t\t\t<span class=\"et_pb_image_wrap\"><img decoding=\"async\" src=\"https:\/\/suisse-trot.ch\/wp-content\/uploads\/2021\/01\/membreicones-fines.png\" alt=\"\" title=\"membreicones fines\" \/><\/span>\n\t\t\t<\/div>\n\t\t\t\t<\/div>\n\t\t\t<\/div>Admission membre actif Admission membre passif Admission membre SARL Admission \u00e9leveur Reprise de couleurs<div class=\"et_pb_module none divienhancer-hover-effect dsm_perspective_image dsm_perspective_image_1\">\n\t\t\t\t\n\t\t\t\t\n\t\t\t\t\n\t\t\t\t\n\t\t\t\t\n\t\t\t\t\n\t\t\t\t<div class=\"et_pb_module_inner\">\n\t\t\t\t\t<div class=\"dsm-perspective-image-wrapper et_always_center_on_mobile\">\n\t\t\t\t\n\t\t\t\t\n\t\t\t\t<span class=\"et_pb_image_wrap\"><img decoding=\"async\" src=\"https:\/\/suisse-trot.ch\/wp-content\/uploads\/2021\/01\/elevageicones-fines.png\" alt=\"\" title=\"\u00e9levageicones fines\" \/><\/span>\n\t\t\t<\/div>\n\t\t\t\t<\/div>\n\t\t\t<\/div>Changement de propri\u00e9t\u00e9 Confirmation de propri\u00e9t\u00e9 R\u00e9siliation de location Confirmation de copropri\u00e9taires D\u00e9claration de copropri\u00e9t\u00e9 R\u00e9siliation d&#8217;association Radiation d\u00e9finitive du [&hellip;]<\/p>","protected":false},"author":6,"featured_media":0,"parent":0,"menu_order":0,"comment_status":"closed","ping_status":"closed","template":"","meta":{"_et_pb_use_builder":"on","_et_pb_old_content":"","_et_gb_content_width":"","footnotes":""},"yoast_head":"<!-- This site is optimized with the Yoast SEO plugin v20.5 - https:\/\/yoast.com\/wordpress\/plugins\/seo\/ -->\n<title>FORMULAIRES - Suisse trot<\/title>\n<meta name=\"robots\" content=\"index, follow, max-snippet:-1, max-image-preview:large, max-video-preview:-1\" \/>\n<link rel=\"canonical\" href=\"https:\/\/suisse-trot.ch\/de\/formulaires\/\" \/>\n<meta property=\"og:locale\" content=\"de_DE\" \/>\n<meta property=\"og:type\" content=\"article\" \/>\n<meta property=\"og:title\" content=\"FORMULAIRES - Suisse trot\" \/>\n<meta property=\"og:description\" content=\"FormulairesAdmission membre actif Admission membre passif Admission membre SARL Admission \u00e9leveur Reprise de couleursChangement de propri\u00e9t\u00e9 Confirmation de propri\u00e9t\u00e9 R\u00e9siliation de location Confirmation de copropri\u00e9taires D\u00e9claration de copropri\u00e9t\u00e9 R\u00e9siliation d&#039;association Radiation d\u00e9finitive du [&hellip;]\" \/>\n<meta property=\"og:url\" content=\"https:\/\/suisse-trot.ch\/de\/formulaires\/\" \/>\n<meta property=\"og:site_name\" content=\"Suisse trot\" \/>\n<meta property=\"article:modified_time\" content=\"2026-01-27T09:23:10+00:00\" \/>\n<meta name=\"twitter:card\" content=\"summary_large_image\" \/>\n<meta name=\"twitter:label1\" content=\"Gesch\u00e4tzte Lesezeit\" \/>\n\t<meta name=\"twitter:data1\" content=\"10\u00a0Minuten\" \/>\n<script type=\"application\/ld+json\" class=\"yoast-schema-graph\">{\"@context\":\"https:\/\/schema.org\",\"@graph\":[{\"@type\":\"WebPage\",\"@id\":\"https:\/\/suisse-trot.ch\/formulaires\/\",\"url\":\"https:\/\/suisse-trot.ch\/formulaires\/\",\"name\":\"FORMULAIRES - Suisse trot\",\"isPartOf\":{\"@id\":\"https:\/\/suisse-trot.ch\/de\/#website\"},\"datePublished\":\"2017-02-16T08:17:00+00:00\",\"dateModified\":\"2026-01-27T09:23:10+00:00\",\"inLanguage\":\"de\",\"potentialAction\":[{\"@type\":\"ReadAction\",\"target\":[\"https:\/\/suisse-trot.ch\/formulaires\/\"]}]},{\"@type\":\"WebSite\",\"@id\":\"https:\/\/suisse-trot.ch\/de\/#website\",\"url\":\"https:\/\/suisse-trot.ch\/de\/\",\"name\":\"Suisse trot\",\"description\":\"\",\"potentialAction\":[{\"@type\":\"SearchAction\",\"target\":{\"@type\":\"EntryPoint\",\"urlTemplate\":\"https:\/\/suisse-trot.ch\/de\/?s={search_term_string}\"},\"query-input\":\"required name=search_term_string\"}],\"inLanguage\":\"de\"}]}<\/script>\n<!-- \/ Yoast SEO plugin. -->","yoast_head_json":{"title":"FORMULAIRES - Suisse trot","robots":{"index":"index","follow":"follow","max-snippet":"max-snippet:-1","max-image-preview":"max-image-preview:large","max-video-preview":"max-video-preview:-1"},"canonical":"https:\/\/suisse-trot.ch\/de\/formulaires\/","og_locale":"de_DE","og_type":"article","og_title":"FORMULAIRES - Suisse trot","og_description":"FormulairesAdmission membre actif Admission membre passif Admission membre SARL Admission \u00e9leveur Reprise de couleursChangement de propri\u00e9t\u00e9 Confirmation de propri\u00e9t\u00e9 R\u00e9siliation de location Confirmation de copropri\u00e9taires D\u00e9claration de copropri\u00e9t\u00e9 R\u00e9siliation d'association Radiation d\u00e9finitive du [&hellip;]","og_url":"https:\/\/suisse-trot.ch\/de\/formulaires\/","og_site_name":"Suisse trot","article_modified_time":"2026-01-27T09:23:10+00:00","twitter_card":"summary_large_image","twitter_misc":{"Gesch\u00e4tzte Lesezeit":"10\u00a0Minuten"},"schema":{"@context":"https:\/\/schema.org","@graph":[{"@type":"WebPage","@id":"https:\/\/suisse-trot.ch\/formulaires\/","url":"https:\/\/suisse-trot.ch\/formulaires\/","name":"FORMULAIRES - Suisse trot","isPartOf":{"@id":"https:\/\/suisse-trot.ch\/de\/#website"},"datePublished":"2017-02-16T08:17:00+00:00","dateModified":"2026-01-27T09:23:10+00:00","inLanguage":"de","potentialAction":[{"@type":"ReadAction","target":["https:\/\/suisse-trot.ch\/formulaires\/"]}]},{"@type":"WebSite","@id":"https:\/\/suisse-trot.ch\/de\/#website","url":"https:\/\/suisse-trot.ch\/de\/","name":"Suisse trot","description":"","potentialAction":[{"@type":"SearchAction","target":{"@type":"EntryPoint","urlTemplate":"https:\/\/suisse-trot.ch\/de\/?s={search_term_string}"},"query-input":"required name=search_term_string"}],"inLanguage":"de"}]}},"_links":{"self":[{"href":"https:\/\/suisse-trot.ch\/de\/wp-json\/wp\/v2\/pages\/43"}],"collection":[{"href":"https:\/\/suisse-trot.ch\/de\/wp-json\/wp\/v2\/pages"}],"about":[{"href":"https:\/\/suisse-trot.ch\/de\/wp-json\/wp\/v2\/types\/page"}],"author":[{"embeddable":true,"href":"https:\/\/suisse-trot.ch\/de\/wp-json\/wp\/v2\/users\/6"}],"replies":[{"embeddable":true,"href":"https:\/\/suisse-trot.ch\/de\/wp-json\/wp\/v2\/comments?post=43"}],"version-history":[{"count":124,"href":"https:\/\/suisse-trot.ch\/de\/wp-json\/wp\/v2\/pages\/43\/revisions"}],"predecessor-version":[{"id":235762,"href":"https:\/\/suisse-trot.ch\/de\/wp-json\/wp\/v2\/pages\/43\/revisions\/235762"}],"wp:attachment":[{"href":"https:\/\/suisse-trot.ch\/de\/wp-json\/wp\/v2\/media?parent=43"}],"curies":[{"name":"wp","href":"https:\/\/api.w.org\/{rel}","templated":true}]}}