{"id":29115,"date":"2021-01-18T13:06:21","date_gmt":"2021-01-18T12:06:21","guid":{"rendered":"http:\/\/suisse-trot.ch\/?page_id=29115"},"modified":"2026-04-27T08:04:52","modified_gmt":"2026-04-27T06:04:52","slug":"statistiques","status":"publish","type":"page","link":"https:\/\/suisse-trot.ch\/de\/courses\/statistiques\/","title":{"rendered":"Statistiken"},"content":{"rendered":"<p>[et_pb_section fb_built=&#8221;1&#8243; admin_label=&#8221;Hero section&#8221; _builder_version=&#8221;4.16&#8243; use_background_color_gradient=&#8221;on&#8221; background_color_gradient_stops=&#8221;rgba(0,0,0,0.45) 0%|rgba(0,0,0,0.58) 100%&#8221; background_color_gradient_overlays_image=&#8221;on&#8221; background_color_gradient_start=&#8221;rgba(0,0,0,0.45)&#8221; background_color_gradient_end=&#8221;rgba(0,0,0,0.58)&#8221; background_image=&#8221;https:\/\/suisse-trot.ch\/wp-content\/uploads\/2021\/02\/stats.jpg&#8221; max_height=&#8221;550px&#8221; custom_margin=&#8221;|||&#8221; custom_padding=&#8221;10%||14%|&#8221; global_colors_info=&#8221;{}&#8221;][et_pb_row _builder_version=&#8221;4.20.4&#8243; custom_margin=&#8221;|||&#8221; global_colors_info=&#8221;{}&#8221;][et_pb_column type=&#8221;4_4&#8243; _builder_version=&#8221;4.16&#8243; custom_padding=&#8221;1px|||&#8221; global_colors_info=&#8221;{}&#8221; custom_padding__hover=&#8221;|||&#8221;][et_pb_cta title=&#8221;STATISTIQUES 2026&#8243; button_text=&#8221;Clics&#8221; _builder_version=&#8221;4.20.4&#8243; _module_preset=&#8221;default&#8221; header_font=&#8221;|300|||||||&#8221; header_text_align=&#8221;center&#8221; header_font_size=&#8221;80px&#8221; background_enable_color=&#8221;off&#8221; animation_style=&#8221;fold&#8221; header_font_size_tablet=&#8221;&#8221; header_font_size_phone=&#8221;36px&#8221; header_font_size_last_edited=&#8221;on|phone&#8221; global_colors_info=&#8221;{}&#8221;][\/et_pb_cta][\/et_pb_column][\/et_pb_row][\/et_pb_section][et_pb_section fb_built=&#8221;1&#8243; admin_label=&#8221;2 Col Accordion&#8221; module_id=&#8221;2-col-accordion&#8221; module_class=&#8221;day8-acc day8-acc1&#8243; _builder_version=&#8221;4.20.4&#8243; background_color=&#8221;#ffffff&#8221; background_enable_image=&#8221;off&#8221; custom_margin=&#8221;0px||0px||false|false&#8221; custom_padding=&#8221;80px||80px||false|false&#8221; global_colors_info=&#8221;{}&#8221;][et_pb_row admin_label=&#8221;DO NOT REMOVE! &#8211; CSS Code&#8221; _builder_version=&#8221;4.16&#8243; custom_margin=&#8221;0px|0px|0px|0px&#8221; custom_padding=&#8221;0px|0px|0px|0px&#8221; locked=&#8221;on&#8221; global_colors_info=&#8221;{}&#8221;][et_pb_column type=&#8221;4_4&#8243; _builder_version=&#8221;4.16&#8243; custom_padding=&#8221;|||&#8221; global_colors_info=&#8221;{}&#8221; custom_padding__hover=&#8221;|||&#8221;][et_pb_code admin_label=&#8221;DO NOT REMOVE! &#8211; CSS Code&#8221; _builder_version=&#8221;4.16&#8243; locked=&#8221;on&#8221; global_colors_info=&#8221;{}&#8221;]<\/p>\n<style><!-- [et_pb_line_break_holder] -->\/*Accordion 1*\/<!-- [et_pb_line_break_holder] --><!-- [et_pb_line_break_holder] -->\/* Change Accordion Icon *\/<!-- [et_pb_line_break_holder] -->.day8-acc1 .et_pb_toggle_title:before {<!-- [et_pb_line_break_holder] -->    color: #ccc;<!-- [et_pb_line_break_holder] -->    font-size: 18px;<!-- [et_pb_line_break_holder] -->    content: \"50\";<!-- [et_pb_line_break_holder] -->}<!-- [et_pb_line_break_holder] --><!-- [et_pb_line_break_holder] -->.day8-acc1 .et_pb_toggle_open .et_pb_toggle_title:before {<!-- [et_pb_line_break_holder] -->    display: block !important;<!-- [et_pb_line_break_holder] -->    content: \"O\";<!-- [et_pb_line_break_holder] -->}<!-- [et_pb_line_break_holder] --><!-- [et_pb_line_break_holder] -->#page-container .day8-acc1 .et_pb_toggle_open .et_pb_toggle_title {<!-- [et_pb_line_break_holder] -->    margin-bottom: 24px !important;<!-- [et_pb_line_break_holder] -->}<!-- [et_pb_line_break_holder] --><!-- [et_pb_line_break_holder] -->#page-container .day8-acc1 .et_pb_toggle_close .et_pb_toggle_title {<!-- [et_pb_line_break_holder] -->    margin-bottom: 0px !important;<!-- [et_pb_line_break_holder] -->}<!-- [et_pb_line_break_holder] --><!-- [et_pb_line_break_holder] -->#page-container .day8-acc1 .et_pb_accordion_toggling .et_pb_toggle_close .et_pb_toggle_title.opened {<!-- [et_pb_line_break_holder] -->    margin-bottom: 24px !important;<!-- [et_pb_line_break_holder] -->}<!-- [et_pb_line_break_holder] --><!-- [et_pb_line_break_holder] -->#page-container .day8-acc1 .et_pb_accordion_toggling .et_pb_toggle_open .et_pb_toggle_title.opened {<!-- [et_pb_line_break_holder] -->    margin-bottom: 0px !important;<!-- [et_pb_line_break_holder] -->}<!-- [et_pb_line_break_holder] --><!-- [et_pb_line_break_holder] -->.day8-acc1 .et_pb_toggle .et_pb_toggle_content {<!-- [et_pb_line_break_holder] -->    letter-spacing: -0.1px;<!-- [et_pb_line_break_holder] -->    padding-top: 0 !important;<!-- [et_pb_line_break_holder] -->}<!-- [et_pb_line_break_holder] --><!-- [et_pb_line_break_holder] -->.day8-acc1 .et_pb_toggle .et_pb_toggle_title {<!-- [et_pb_line_break_holder] -->    transition: 0.3s !important;<!-- [et_pb_line_break_holder] -->}<!-- [et_pb_line_break_holder] --><!-- [et_pb_line_break_holder] -->@media only screen and (min-width: 1930px) {<!-- [et_pb_line_break_holder] -->    .day8-acc1 .et_pb_text:first-child {<!-- [et_pb_line_break_holder] -->        margin-top: 40px !important;<!-- [et_pb_line_break_holder] -->    }<!-- [et_pb_line_break_holder] -->}<!-- [et_pb_line_break_holder] -->@media only screen and (max-width: 1390px) {<!-- [et_pb_line_break_holder] -->    .day8-acc1 .et_pb_column:last-child {<!-- [et_pb_line_break_holder] -->        padding-left: 0 !important;<!-- [et_pb_line_break_holder] -->    }<!-- [et_pb_line_break_holder] --><!-- [et_pb_line_break_holder] -->    .day8-acc1 .et_pb_text:first-child {<!-- [et_pb_line_break_holder] -->        margin-top: 0 !important;<!-- [et_pb_line_break_holder] -->    }<!-- [et_pb_line_break_holder] -->    .day8-acc1 .et_pb_row:first-child .et_pb_column{<!-- [et_pb_line_break_holder] -->        width: 100% !important;<!-- [et_pb_line_break_holder] -->    }<!-- [et_pb_line_break_holder] -->}<!-- [et_pb_line_break_holder] -->@media only screen and (max-width: 480px) {<!-- [et_pb_line_break_holder] -->    #page-container .day8-acc1 .et_pb_toggle .et_pb_toggle_title {<!-- [et_pb_line_break_holder] -->        white-space: nowrap;<!-- [et_pb_line_break_holder] -->        width: 100%;<!-- [et_pb_line_break_holder] -->        overflow: hidden;<!-- [et_pb_line_break_holder] -->        text-overflow: ellipsis;<!-- [et_pb_line_break_holder] -->    }<!-- [et_pb_line_break_holder] -->}<!-- [et_pb_line_break_holder] --><\/style>\n<p>[\/et_pb_code][\/et_pb_column][\/et_pb_row][et_pb_row use_custom_gutter=&#8221;on&#8221; gutter_width=&#8221;1&#8243; custom_padding_last_edited=&#8221;on|tablet&#8221; admin_label=&#8221;12 Days of Christmas &#8211; Day 08 Accordion Module 1&#8243; _builder_version=&#8221;4.16&#8243; max_width=&#8221;1170px&#8221; module_alignment=&#8221;center&#8221; custom_margin=&#8221;|||&#8221; custom_padding=&#8221;0vw|0%|0vh|40px|false|false&#8221; custom_padding_tablet=&#8221;10px|0%|10px|0%&#8221; custom_padding_phone=&#8221;&#8221; use_custom_width=&#8221;on&#8221; custom_width_px=&#8221;1170px&#8221; global_colors_info=&#8221;{}&#8221;][et_pb_column type=&#8221;4_4&#8243; _builder_version=&#8221;4.16&#8243; custom_padding=&#8221;0%|0%|0%|0%&#8221; global_colors_info=&#8221;{}&#8221; custom_padding__hover=&#8221;|||&#8221;][et_pb_text _builder_version=&#8221;4.16&#8243; _module_preset=&#8221;default&#8221; text_font=&#8221;Roboto|900|||||||&#8221; text_text_color=&#8221;#000000&#8243; text_font_size=&#8221;58px&#8221; text_line_height=&#8221;1em&#8221; header_font=&#8221;Roboto|700|||||||&#8221; custom_margin=&#8221;||20px||false|false&#8221; custom_padding=&#8221;||||false|false&#8221; text_font_size_tablet=&#8221;&#8221; text_font_size_phone=&#8221;50px&#8221; text_font_size_last_edited=&#8221;on|phone&#8221; header_font_size_tablet=&#8221;&#8221; header_font_size_phone=&#8221;&#8221; header_font_size_last_edited=&#8221;on|phone&#8221; global_colors_info=&#8221;{}&#8221;]<\/p>\n<p>Besitzer, Trainer und Fahrer<\/p>\n<p>[\/et_pb_text][et_pb_text _builder_version=&#8221;4.20.4&#8243; _module_preset=&#8221;default&#8221; text_font_size=&#8221;18px&#8221; custom_padding=&#8221;10px||10px||false|false&#8221; border_width_bottom=&#8221;1px&#8221; border_color_bottom=&#8221;#D6D6D6&#8243; global_colors_info=&#8221;{}&#8221;]<\/p>\n<p><a href=\"https:\/\/suisse-trot.ch\/wp-content\/uploads\/2025\/11\/Proprietaire-Trot-2026-04-18.pdf\" target=\"_blank\" rel=\"noopener noreferrer\">Proprietaires trot<\/a><\/p>\n<p>[\/et_pb_text][et_pb_text _builder_version=&#8221;4.20.4&#8243; _module_preset=&#8221;default&#8221; text_font_size=&#8221;18px&#8221; min_height=&#8221;48.8px&#8221; custom_padding=&#8221;10px||0px||false|false&#8221; link_option_url=&#8221;https:\/\/suisse-trot.ch\/wp-content\/uploads\/2022\/11\/Entraineur-Trot-2023-03-03.pdf&#8221; border_width_bottom=&#8221;1px&#8221; border_color_bottom=&#8221;#D6D6D6&#8243; global_colors_info=&#8221;{}&#8221;]<\/p>\n<p><a href=\"https:\/\/suisse-trot.ch\/wp-content\/uploads\/2025\/11\/Entraineur-professionel-Trot-2026-04-18.pdf\" target=\"_blank\" rel=\"noopener noreferrer\">Trainer professionell<\/a><\/p>\n<p>[\/et_pb_text][et_pb_text _builder_version=&#8221;4.20.4&#8243; _module_preset=&#8221;default&#8221; text_font_size=&#8221;18px&#8221; min_height=&#8221;48.8px&#8221; custom_padding=&#8221;10px||0px||false|false&#8221; link_option_url=&#8221;https:\/\/suisse-trot.ch\/wp-content\/uploads\/2022\/11\/Entraineur-Trot-2023-03-03.pdf&#8221; border_width_bottom=&#8221;1px&#8221; border_color_bottom=&#8221;#D6D6D6&#8243; global_colors_info=&#8221;{}&#8221;]<\/p>\n<p><a href=\"https:\/\/suisse-trot.ch\/wp-content\/uploads\/2025\/11\/Entraineur-Amateur-Trot-2026-04-18.pdf\" target=\"_blank\" rel=\"noopener noreferrer\">Trainer Amateur<\/a><\/p>\n<p>[\/et_pb_text][et_pb_text _builder_version=&#8221;4.20.4&#8243; _module_preset=&#8221;default&#8221; text_font_size=&#8221;18px&#8221; min_height=&#8221;5.8px&#8221; custom_margin=&#8221;1px|||||&#8221; custom_padding=&#8221;10px||10px||false|false&#8221; border_width_bottom=&#8221;1px&#8221; border_color_bottom=&#8221;#D6D6D6&#8243; global_colors_info=&#8221;{}&#8221;]<\/p>\n<p><a href=\"https:\/\/suisse-trot.ch\/wp-content\/uploads\/2025\/11\/Driver-professionel-Trot-2026-04-18.pdf\" target=\"_blank\" rel=\"noopener noreferrer\">Fahrer Professionell<\/a><\/p>\n<p>[\/et_pb_text][et_pb_text _builder_version=&#8221;4.20.4&#8243; _module_preset=&#8221;default&#8221; text_font_size=&#8221;18px&#8221; custom_padding=&#8221;10px||10px||false|false&#8221; border_width_bottom=&#8221;1px&#8221; border_color_bottom=&#8221;#D6D6D6&#8243; global_colors_info=&#8221;{}&#8221;]<\/p>\n<p><a href=\"https:\/\/suisse-trot.ch\/wp-content\/uploads\/2025\/11\/Driver-Amateur-Trot-2026-04-18.pdf\" target=\"_blank\" rel=\"noopener noreferrer\">Fahrer Amateur<\/a><\/p>\n<p>[\/et_pb_text][et_pb_text _builder_version=&#8221;4.20.4&#8243; _module_preset=&#8221;default&#8221; text_font_size=&#8221;18px&#8221; custom_padding=&#8221;10px||10px||false|false&#8221; border_width_bottom=&#8221;1px&#8221; border_color_bottom=&#8221;#D6D6D6&#8243; global_colors_info=&#8221;{}&#8221;]<\/p>\n<p><span style=\"color: #ff0000;\"><a href=\"https:\/\/suisse-trot.ch\/wp-content\/uploads\/2025\/03\/Trot-2025_Drivers-POINTS-AMENDES_2025-09-21.pdf\" style=\"color: #ff0000;\">Fahrer - Strafpunkte<\/a><\/span><\/p>\n<p>[\/et_pb_text][\/et_pb_column][\/et_pb_row][et_pb_row _builder_version=&#8221;4.16&#8243; _module_preset=&#8221;default&#8221; custom_margin=&#8221;0px||||false|false&#8221; custom_padding=&#8221;||||false|false&#8221; global_colors_info=&#8221;{}&#8221;][et_pb_column type=&#8221;4_4&#8243; _builder_version=&#8221;4.16&#8243; _module_preset=&#8221;default&#8221; global_colors_info=&#8221;{}&#8221;][et_pb_button button_url=&#8221;https:\/\/suisse-trot.ch\/archives\/archives-statistiques\/&#8221; button_text=&#8221;Ann\u00e9es pr\u00e9c\u00e9dentes&#8221; _builder_version=&#8221;4.16&#8243; _module_preset=&#8221;default&#8221; custom_button=&#8221;on&#8221; button_text_size=&#8221;15px&#8221; button_text_color=&#8221;#04b2d9&#8243; button_bg_color=&#8221;RGBA(0,0,0,0)&#8221; button_border_radius=&#8221;0px&#8221; custom_margin=&#8221;|||-5px|false|false&#8221; global_colors_info=&#8221;{}&#8221;][\/et_pb_button][\/et_pb_column][\/et_pb_row][et_pb_row use_custom_gutter=&#8221;on&#8221; gutter_width=&#8221;1&#8243; custom_padding_last_edited=&#8221;on|tablet&#8221; admin_label=&#8221;12 Days of Christmas &#8211; Day 08 Accordion Module 1&#8243; _builder_version=&#8221;4.16&#8243; max_width=&#8221;1170px&#8221; module_alignment=&#8221;center&#8221; custom_margin=&#8221;30px||||false|false&#8221; custom_padding=&#8221;0vw|0%|0vh|40px|false|false&#8221; custom_padding_tablet=&#8221;10px|0%|10px|0%&#8221; custom_padding_phone=&#8221;&#8221; use_custom_width=&#8221;on&#8221; custom_width_px=&#8221;1170px&#8221; global_colors_info=&#8221;{}&#8221;][et_pb_column type=&#8221;4_4&#8243; _builder_version=&#8221;4.16&#8243; custom_padding=&#8221;0%|0%|0%|0%&#8221; global_colors_info=&#8221;{}&#8221; custom_padding__hover=&#8221;|||&#8221;][et_pb_text _builder_version=&#8221;4.16&#8243; _module_preset=&#8221;default&#8221; text_font=&#8221;Roboto|900|||||||&#8221; text_text_color=&#8221;#000000&#8243; text_font_size=&#8221;58px&#8221; text_line_height=&#8221;1em&#8221; custom_margin=&#8221;30px||20px||false|false&#8221; custom_padding=&#8221;||||false|false&#8221; text_font_size_tablet=&#8221;&#8221; text_font_size_phone=&#8221;50px&#8221; text_font_size_last_edited=&#8221;on|phone&#8221; global_colors_info=&#8221;{}&#8221;]<\/p>\n<p>Pferde<\/p>\n<p>[\/et_pb_text][et_pb_text _builder_version=&#8221;4.20.4&#8243; _module_preset=&#8221;default&#8221; text_font_size=&#8221;18px&#8221; custom_padding=&#8221;10px||10px||false|false&#8221; border_width_bottom=&#8221;1px&#8221; border_color_bottom=&#8221;#D6D6D6&#8243; global_colors_info=&#8221;{}&#8221;]<\/p>\n<p><a href=\"https:\/\/suisse-trot.ch\/wp-content\/uploads\/2025\/11\/Chevaux-Trot-2026-04-18.pdf\" target=\"_blank\" rel=\"noopener noreferrer\">Pferde Trab<\/a><\/p>\n<p>[\/et_pb_text][et_pb_text _builder_version=&#8221;4.20.4&#8243; _module_preset=&#8221;default&#8221; text_font_size=&#8221;18px&#8221; custom_padding=&#8221;10px||10px||false|false&#8221; border_width_bottom=&#8221;1px&#8221; border_color_bottom=&#8221;#D6D6D6&#8243; global_colors_info=&#8221;{}&#8221;]<\/p>\n<p><a href=\"https:\/\/suisse-trot.ch\/wp-content\/uploads\/2025\/11\/Chevaux-indigenes-2026-04-18.pdf\" target=\"_blank\" rel=\"noopener noreferrer\">Pferde Trab Inl\u00e4nder<\/a><\/p>\n<p>[\/et_pb_text][et_pb_text _builder_version=&#8221;4.20.4&#8243; _module_preset=&#8221;default&#8221; text_font_size=&#8221;18px&#8221; custom_padding=&#8221;10px||10px||false|false&#8221; border_width_bottom=&#8221;1px&#8221; border_color_bottom=&#8221;#D6D6D6&#8243; global_colors_info=&#8221;{}&#8221;]<\/p>\n<p><a href=\"https:\/\/suisse-trot.ch\/wp-content\/uploads\/2025\/11\/Record-absolu-2026-04-18.pdf\">Pferde absoluter Rekord<\/a><\/p>\n<p>[\/et_pb_text][et_pb_text _builder_version=&#8221;4.20.4&#8243; _module_preset=&#8221;default&#8221; text_font_size=&#8221;18px&#8221; custom_padding=&#8221;10px||10px||false|false&#8221; border_width_bottom=&#8221;1px&#8221; border_color_bottom=&#8221;#D6D6D6&#8243; global_colors_info=&#8221;{}&#8221;]<\/p>\n<p><a href=\"https:\/\/suisse-trot.ch\/wp-content\/uploads\/2025\/11\/Record-annee-2026-04-18.pdf\">Pferde Rekord laufendes Jahr<\/a><\/p>\n<p>[\/et_pb_text][\/et_pb_column][\/et_pb_row][et_pb_row _builder_version=&#8221;4.16&#8243; _module_preset=&#8221;default&#8221; custom_margin=&#8221;0px||||false|false&#8221; custom_padding=&#8221;||||false|false&#8221; global_colors_info=&#8221;{}&#8221;][et_pb_column type=&#8221;4_4&#8243; _builder_version=&#8221;4.16&#8243; _module_preset=&#8221;default&#8221; global_colors_info=&#8221;{}&#8221;][et_pb_button button_url=&#8221;https:\/\/suisse-trot.ch\/archives\/archives-statistiques\/&#8221; button_text=&#8221;Ann\u00e9es pr\u00e9c\u00e9dentes&#8221; _builder_version=&#8221;4.16&#8243; _module_preset=&#8221;default&#8221; custom_button=&#8221;on&#8221; button_text_size=&#8221;15px&#8221; button_text_color=&#8221;#04b2d9&#8243; button_bg_color=&#8221;RGBA(0,0,0,0)&#8221; button_border_radius=&#8221;0px&#8221; custom_margin=&#8221;|||-5px|false|false&#8221; global_colors_info=&#8221;{}&#8221;][\/et_pb_button][\/et_pb_column][\/et_pb_row][et_pb_row use_custom_gutter=&#8221;on&#8221; gutter_width=&#8221;1&#8243; custom_padding_last_edited=&#8221;on|tablet&#8221; admin_label=&#8221;12 Days of Christmas &#8211; Day 08 Accordion Module 1&#8243; _builder_version=&#8221;4.16&#8243; max_width=&#8221;1170px&#8221; module_alignment=&#8221;center&#8221; custom_margin=&#8221;80px||||false|false&#8221; custom_padding=&#8221;0vw|0%|0vh|40px|false|false&#8221; custom_padding_tablet=&#8221;10px|0%|10px|0%&#8221; custom_padding_phone=&#8221;&#8221; use_custom_width=&#8221;on&#8221; custom_width_px=&#8221;1170px&#8221; global_colors_info=&#8221;{}&#8221;][et_pb_column type=&#8221;4_4&#8243; _builder_version=&#8221;4.16&#8243; custom_padding=&#8221;0%|0%|0%|0%&#8221; global_colors_info=&#8221;{}&#8221; custom_padding__hover=&#8221;|||&#8221;][et_pb_text _builder_version=&#8221;4.16&#8243; _module_preset=&#8221;default&#8221; text_font=&#8221;Roboto|900|||||||&#8221; text_text_color=&#8221;#000000&#8243; text_font_size=&#8221;58px&#8221; text_line_height=&#8221;1em&#8221; custom_margin=&#8221;30px||20px||false|false&#8221; custom_padding=&#8221;||||false|false&#8221; text_font_size_tablet=&#8221;&#8221; text_font_size_phone=&#8221;50px&#8221; text_font_size_last_edited=&#8221;on|phone&#8221; global_colors_info=&#8221;{}&#8221;]<\/p>\n<p>Klassement Cup Journalisten<\/p>\n<p>[\/et_pb_text][et_pb_text _builder_version=&#8221;4.20.4&#8243; _module_preset=&#8221;default&#8221; text_font_size=&#8221;18px&#8221; custom_padding=&#8221;10px||10px||false|false&#8221; hover_enabled=&#8221;0&#8243; border_width_bottom=&#8221;1px&#8221; border_color_bottom=&#8221;#D6D6D6&#8243; global_colors_info=&#8221;{}&#8221; sticky_enabled=&#8221;0&#8243;]<\/p>\n<p><a href=\"https:\/\/suisse-trot.ch\/wp-content\/uploads\/2025\/11\/1-Class-CJ-2026_ACTUEL-2026-04-24pdf.pdf\" target=\"_blank\" rel=\"noopener noreferrer\">Zwischenklassement 2026<\/a><\/p>\n<p>[\/et_pb_text][et_pb_text _builder_version=&#8221;4.20.4&#8243; _module_preset=&#8221;default&#8221; text_font_size=&#8221;18px&#8221; custom_padding=&#8221;10px||10px||false|false&#8221; border_width_bottom=&#8221;1px&#8221; border_color_bottom=&#8221;#D6D6D6&#8243; global_colors_info=&#8221;{}&#8221;]<\/p>\n<p><a href=\"https:\/\/suisse-trot.ch\/wp-content\/uploads\/2025\/11\/1-Class-CJ-2025_FINAL-2025-11-17.pdf\" target=\"_blank\" rel=\"noopener noreferrer\">Schlussklassement 2025<\/a><\/p>\n<p>[\/et_pb_text][et_pb_text _builder_version=&#8221;4.20.4&#8243; _module_preset=&#8221;default&#8221; text_font_size=&#8221;18px&#8221; custom_padding=&#8221;10px||10px||false|false&#8221; link_option_url=&#8221;https:\/\/suisse-trot.ch\/wp-content\/uploads\/2024\/02\/Class-CJ-2024_ACTUEL-2024-02-04.pdf&#8221; border_width_bottom=&#8221;1px&#8221; border_color_bottom=&#8221;#D6D6D6&#8243; global_colors_info=&#8221;{}&#8221;]<\/p>\n<p><a href=\"https:\/\/suisse-trot.ch\/wp-content\/uploads\/2024\/07\/Class-CJ-2024_ACTUEL-2024-11-18-FINAL.pdf\" target=\"_blank\" rel=\"noopener noreferrer\">Schlussklassement 2024<\/a><\/p>\n<p>[\/et_pb_text][et_pb_text _builder_version=&#8221;4.20.4&#8243; _module_preset=&#8221;default&#8221; text_font_size=&#8221;18px&#8221; custom_padding=&#8221;10px||10px||false|false&#8221; link_option_url=&#8221;https:\/\/suisse-trot.ch\/wp-content\/uploads\/2024\/02\/CdJ_classement-2023_FINAL.pdf&#8221; border_width_bottom=&#8221;1px&#8221; border_color_bottom=&#8221;#D6D6D6&#8243; global_colors_info=&#8221;{}&#8221;]<\/p>\n<p><a href=\"https:\/\/suisse-trot.ch\/wp-content\/uploads\/2024\/02\/CdJ_classement-2023_FINAL.pdf\" target=\"_blank\" rel=\"noopener noreferrer\">Schlussklassement 2023<\/a><\/p>\n<p>[\/et_pb_text][et_pb_text _builder_version=&#8221;4.19.1&#8243; _module_preset=&#8221;default&#8221; text_font_size=&#8221;18px&#8221; custom_padding=&#8221;10px||10px||false|false&#8221; link_option_url=&#8221;https:\/\/www.iena.ch\/wp-content\/uploads\/2020\/09\/CONDITIONS-TROT_OCT-NOV_BOOKLET.pdf&#8221; border_width_bottom=&#8221;1px&#8221; border_color_bottom=&#8221;#D6D6D6&#8243; global_colors_info=&#8221;{}&#8221;]<\/p>\n<p><a href=\"https:\/\/suisse-trot.ch\/wp-content\/uploads\/2022\/11\/Class-CJ-2022_FINAL.pdf\" target=\"_blank\" rel=\"noopener noreferrer\">Schlussklassement 2022<\/a><\/p>\n<p>[\/et_pb_text][et_pb_text _builder_version=&#8221;4.16&#8243; _module_preset=&#8221;default&#8221; text_font_size=&#8221;18px&#8221; custom_padding=&#8221;10px||10px||false|false&#8221; link_option_url=&#8221;https:\/\/www.iena.ch\/wp-content\/uploads\/2020\/09\/CONDITIONS-TROT_OCT-NOV_BOOKLET.pdf&#8221; border_width_bottom=&#8221;1px&#8221; border_color_bottom=&#8221;#D6D6D6&#8243; global_colors_info=&#8221;{}&#8221;]<\/p>\n<p><a href=\"https:\/\/suisse-trot.ch\/wp-content\/uploads\/2022\/02\/Class-CJ-2021_FINAL.pdf\" target=\"_blank\" rel=\"noopener noreferrer\">Schlussklassement 2021<\/a><\/p>\n<p>[\/et_pb_text][\/et_pb_column][\/et_pb_row][et_pb_row use_custom_gutter=&#8221;on&#8221; gutter_width=&#8221;1&#8243; custom_padding_last_edited=&#8221;on|tablet&#8221; admin_label=&#8221;12 Days of Christmas &#8211; Day 08 Accordion Module 1&#8243; _builder_version=&#8221;4.16&#8243; max_width=&#8221;1170px&#8221; module_alignment=&#8221;center&#8221; custom_margin=&#8221;80px||||false|false&#8221; custom_padding=&#8221;0vw|0%|0vh|40px|false|false&#8221; custom_padding_tablet=&#8221;10px|0%|10px|0%&#8221; custom_padding_phone=&#8221;&#8221; use_custom_width=&#8221;on&#8221; custom_width_px=&#8221;1170px&#8221; global_colors_info=&#8221;{}&#8221;][et_pb_column type=&#8221;4_4&#8243; _builder_version=&#8221;4.16&#8243; custom_padding=&#8221;0%|0%|0%|0%&#8221; global_colors_info=&#8221;{}&#8221; custom_padding__hover=&#8221;|||&#8221;][et_pb_text _builder_version=&#8221;4.16&#8243; _module_preset=&#8221;default&#8221; text_font=&#8221;Roboto|900|||||||&#8221; text_text_color=&#8221;#000000&#8243; text_font_size=&#8221;58px&#8221; text_line_height=&#8221;1em&#8221; custom_margin=&#8221;30px||20px||false|false&#8221; custom_padding=&#8221;||||false|false&#8221; text_font_size_tablet=&#8221;&#8221; text_font_size_phone=&#8221;50px&#8221; text_font_size_last_edited=&#8221;on|phone&#8221; global_colors_info=&#8221;{}&#8221;]<\/p>\n<p>Schlussklassemente ADEC<\/p>\n<p>[\/et_pb_text][et_pb_text _builder_version=&#8221;4.16&#8243; _module_preset=&#8221;default&#8221; text_font_size=&#8221;18px&#8221; custom_padding=&#8221;10px||10px||false|false&#8221; link_option_url=&#8221;https:\/\/www.iena.ch\/wp-content\/uploads\/2020\/09\/CONDITIONS-TROT_OCT-NOV_BOOKLET.pdf&#8221; border_width_bottom=&#8221;1px&#8221; border_color_bottom=&#8221;#D6D6D6&#8243; global_colors_info=&#8221;{}&#8221;]<\/p>\n<p><a href=\"https:\/\/suisse-trot.ch\/wp-content\/uploads\/2021\/02\/Schlussklassemente-der-ADEC-Trot-2019.pdf\" target=\"_blank\" rel=\"noopener noreferrer\">Schlussklassemente Trab ADEC 2019<\/a><\/p>\n<p>[\/et_pb_text][et_pb_text _builder_version=&#8221;4.16&#8243; _module_preset=&#8221;default&#8221; text_font_size=&#8221;18px&#8221; custom_padding=&#8221;10px||10px||false|false&#8221; link_option_url=&#8221;https:\/\/www.iena.ch\/wp-content\/uploads\/2020\/09\/CONDITIONS-TROT_OCT-NOV_BOOKLET.pdf&#8221; border_width_bottom=&#8221;1px&#8221; border_color_bottom=&#8221;#D6D6D6&#8243; global_colors_info=&#8221;{}&#8221;]<\/p>\n<p><a href=\"https:\/\/suisse-trot.ch\/wp-content\/uploads\/2021\/02\/Schlussklassemente_Trab_-_Classements_definitifs_trot_ADEC_2018.pdf\" target=\"_blank\" rel=\"noopener noreferrer\">Schlussklassemente Trab ADEC 2018<\/a><\/p>\n<p>[\/et_pb_text][et_pb_text _builder_version=&#8221;4.16&#8243; _module_preset=&#8221;default&#8221; text_font_size=&#8221;18px&#8221; custom_padding=&#8221;10px||10px||false|false&#8221; link_option_url=&#8221;https:\/\/www.iena.ch\/wp-content\/uploads\/2020\/09\/CONDITIONS-TROT_OCT-NOV_BOOKLET.pdf&#8221; border_width_bottom=&#8221;1px&#8221; border_color_bottom=&#8221;#D6D6D6&#8243; global_colors_info=&#8221;{}&#8221;]<\/p>\n<p><a href=\"https:\/\/suisse-trot.ch\/wp-content\/uploads\/2021\/02\/Schlussklassemente_Trab_-_Classements_definitifs_Trot_ADEC_2017.pdf\" target=\"_blank\" rel=\"noopener noreferrer\">Schlussklassemente Trab ADEC 2017<\/a><\/p>\n<p>[\/et_pb_text][et_pb_text _builder_version=&#8221;4.16&#8243; _module_preset=&#8221;default&#8221; text_font_size=&#8221;18px&#8221; custom_padding=&#8221;10px||10px||false|false&#8221; link_option_url=&#8221;https:\/\/www.iena.ch\/wp-content\/uploads\/2020\/09\/CONDITIONS-TROT_OCT-NOV_BOOKLET.pdf&#8221; border_width_bottom=&#8221;1px&#8221; border_color_bottom=&#8221;#D6D6D6&#8243; global_colors_info=&#8221;{}&#8221;]<\/p>\n<p><a href=\"https:\/\/suisse-trot.ch\/wp-content\/uploads\/2021\/02\/Schlussklassemente_Trab_-_Classements_definitifs_trot_ADEC_2016.pdf\" target=\"_blank\" rel=\"noopener noreferrer\">Schlussklassemente Trab ADEC 2016<\/a><\/p>\n<p>[\/et_pb_text][\/et_pb_column][\/et_pb_row][\/et_pb_section]<\/p>","protected":false},"excerpt":{"rendered":"<p>Propri\u00e9taires, entra\u00eeneurs et driversProprietaires trotEntra\u00eeneurs trot professionnelsEntra\u00eeneurs trot amateursDriveurs professionnelsDriveurs amateursDriveurs &#8211; sanctions points de p\u00e9nalit\u00e9ChevauxChevaux trotChevaux trot indig\u00e8nesChevaux record absoluChevaux record ann\u00e9e en coursClassement Coupe des JournalistesClassement provisoire 2026Classement d\u00e9finitif 2025Classement d\u00e9finitif 2024Classement d\u00e9finitif 2023Classement d\u00e9finitif 2022Classement d\u00e9finitif 2021Classement d\u00e9finitif ADECClassements d\u00e9finitifs trot 2019Classements d\u00e9finitifs trot 2018Classements d\u00e9finitifs trot 2017Classements d\u00e9finitifs trot 2016<\/p>","protected":false},"author":6,"featured_media":0,"parent":28640,"menu_order":0,"comment_status":"closed","ping_status":"closed","template":"","meta":{"_et_pb_use_builder":"on","_et_pb_old_content":"<!-- wp:divi\/placeholder \/-->","_et_gb_content_width":"","footnotes":""},"yoast_head":"<!-- This site is optimized with the Yoast SEO plugin v20.5 - https:\/\/yoast.com\/wordpress\/plugins\/seo\/ -->\n<title>Statistiques - Suisse trot<\/title>\n<meta name=\"robots\" content=\"index, follow, max-snippet:-1, max-image-preview:large, max-video-preview:-1\" \/>\n<link rel=\"canonical\" href=\"https:\/\/suisse-trot.ch\/de\/courses\/statistiques\/\" \/>\n<meta property=\"og:locale\" content=\"de_DE\" \/>\n<meta property=\"og:type\" content=\"article\" \/>\n<meta property=\"og:title\" content=\"Statistiques - Suisse trot\" \/>\n<meta property=\"og:description\" content=\"Propri\u00e9taires, entra\u00eeneurs et driversProprietaires trotEntra\u00eeneurs trot professionnelsEntra\u00eeneurs trot amateursDriveurs professionnelsDriveurs amateursDriveurs - sanctions points de p\u00e9nalit\u00e9ChevauxChevaux trotChevaux trot indig\u00e8nesChevaux record absoluChevaux record ann\u00e9e en coursClassement Coupe des JournalistesClassement provisoire 2026Classement d\u00e9finitif 2025Classement d\u00e9finitif 2024Classement d\u00e9finitif 2023Classement d\u00e9finitif 2022Classement d\u00e9finitif 2021Classement d\u00e9finitif ADECClassements d\u00e9finitifs trot 2019Classements d\u00e9finitifs trot 2018Classements d\u00e9finitifs trot 2017Classements d\u00e9finitifs trot 2016\" \/>\n<meta property=\"og:url\" content=\"https:\/\/suisse-trot.ch\/de\/courses\/statistiques\/\" \/>\n<meta property=\"og:site_name\" content=\"Suisse trot\" \/>\n<meta property=\"article:modified_time\" content=\"2026-04-27T06:04:52+00:00\" \/>\n<meta name=\"twitter:card\" content=\"summary_large_image\" \/>\n<meta name=\"twitter:label1\" content=\"Gesch\u00e4tzte Lesezeit\" \/>\n\t<meta name=\"twitter:data1\" content=\"10\u00a0Minuten\" \/>\n<script type=\"application\/ld+json\" class=\"yoast-schema-graph\">{\"@context\":\"https:\/\/schema.org\",\"@graph\":[{\"@type\":\"WebPage\",\"@id\":\"https:\/\/suisse-trot.ch\/courses\/statistiques\/\",\"url\":\"https:\/\/suisse-trot.ch\/courses\/statistiques\/\",\"name\":\"Statistiques - Suisse trot\",\"isPartOf\":{\"@id\":\"https:\/\/suisse-trot.ch\/de\/#website\"},\"datePublished\":\"2021-01-18T12:06:21+00:00\",\"dateModified\":\"2026-04-27T06:04:52+00:00\",\"breadcrumb\":{\"@id\":\"https:\/\/suisse-trot.ch\/courses\/statistiques\/#breadcrumb\"},\"inLanguage\":\"de\",\"potentialAction\":[{\"@type\":\"ReadAction\",\"target\":[\"https:\/\/suisse-trot.ch\/courses\/statistiques\/\"]}]},{\"@type\":\"BreadcrumbList\",\"@id\":\"https:\/\/suisse-trot.ch\/courses\/statistiques\/#breadcrumb\",\"itemListElement\":[{\"@type\":\"ListItem\",\"position\":1,\"name\":\"COURSES\",\"item\":\"https:\/\/suisse-trot.ch\/courses\/\"},{\"@type\":\"ListItem\",\"position\":2,\"name\":\"Statistiques\"}]},{\"@type\":\"WebSite\",\"@id\":\"https:\/\/suisse-trot.ch\/de\/#website\",\"url\":\"https:\/\/suisse-trot.ch\/de\/\",\"name\":\"Suisse trot\",\"description\":\"\",\"potentialAction\":[{\"@type\":\"SearchAction\",\"target\":{\"@type\":\"EntryPoint\",\"urlTemplate\":\"https:\/\/suisse-trot.ch\/de\/?s={search_term_string}\"},\"query-input\":\"required name=search_term_string\"}],\"inLanguage\":\"de\"}]}<\/script>\n<!-- \/ Yoast SEO plugin. -->","yoast_head_json":{"title":"Statistiques - Suisse trot","robots":{"index":"index","follow":"follow","max-snippet":"max-snippet:-1","max-image-preview":"max-image-preview:large","max-video-preview":"max-video-preview:-1"},"canonical":"https:\/\/suisse-trot.ch\/de\/courses\/statistiques\/","og_locale":"de_DE","og_type":"article","og_title":"Statistiques - Suisse trot","og_description":"Propri\u00e9taires, entra\u00eeneurs et driversProprietaires trotEntra\u00eeneurs trot professionnelsEntra\u00eeneurs trot amateursDriveurs professionnelsDriveurs amateursDriveurs - sanctions points de p\u00e9nalit\u00e9ChevauxChevaux trotChevaux trot indig\u00e8nesChevaux record absoluChevaux record ann\u00e9e en coursClassement Coupe des JournalistesClassement provisoire 2026Classement d\u00e9finitif 2025Classement d\u00e9finitif 2024Classement d\u00e9finitif 2023Classement d\u00e9finitif 2022Classement d\u00e9finitif 2021Classement d\u00e9finitif ADECClassements d\u00e9finitifs trot 2019Classements d\u00e9finitifs trot 2018Classements d\u00e9finitifs trot 2017Classements d\u00e9finitifs trot 2016","og_url":"https:\/\/suisse-trot.ch\/de\/courses\/statistiques\/","og_site_name":"Suisse trot","article_modified_time":"2026-04-27T06:04:52+00:00","twitter_card":"summary_large_image","twitter_misc":{"Gesch\u00e4tzte Lesezeit":"10\u00a0Minuten"},"schema":{"@context":"https:\/\/schema.org","@graph":[{"@type":"WebPage","@id":"https:\/\/suisse-trot.ch\/courses\/statistiques\/","url":"https:\/\/suisse-trot.ch\/courses\/statistiques\/","name":"Statistiques - Suisse trot","isPartOf":{"@id":"https:\/\/suisse-trot.ch\/de\/#website"},"datePublished":"2021-01-18T12:06:21+00:00","dateModified":"2026-04-27T06:04:52+00:00","breadcrumb":{"@id":"https:\/\/suisse-trot.ch\/courses\/statistiques\/#breadcrumb"},"inLanguage":"de","potentialAction":[{"@type":"ReadAction","target":["https:\/\/suisse-trot.ch\/courses\/statistiques\/"]}]},{"@type":"BreadcrumbList","@id":"https:\/\/suisse-trot.ch\/courses\/statistiques\/#breadcrumb","itemListElement":[{"@type":"ListItem","position":1,"name":"COURSES","item":"https:\/\/suisse-trot.ch\/courses\/"},{"@type":"ListItem","position":2,"name":"Statistiques"}]},{"@type":"WebSite","@id":"https:\/\/suisse-trot.ch\/de\/#website","url":"https:\/\/suisse-trot.ch\/de\/","name":"Suisse trot","description":"","potentialAction":[{"@type":"SearchAction","target":{"@type":"EntryPoint","urlTemplate":"https:\/\/suisse-trot.ch\/de\/?s={search_term_string}"},"query-input":"required name=search_term_string"}],"inLanguage":"de"}]}},"_links":{"self":[{"href":"https:\/\/suisse-trot.ch\/de\/wp-json\/wp\/v2\/pages\/29115"}],"collection":[{"href":"https:\/\/suisse-trot.ch\/de\/wp-json\/wp\/v2\/pages"}],"about":[{"href":"https:\/\/suisse-trot.ch\/de\/wp-json\/wp\/v2\/types\/page"}],"author":[{"embeddable":true,"href":"https:\/\/suisse-trot.ch\/de\/wp-json\/wp\/v2\/users\/6"}],"replies":[{"embeddable":true,"href":"https:\/\/suisse-trot.ch\/de\/wp-json\/wp\/v2\/comments?post=29115"}],"version-history":[{"count":398,"href":"https:\/\/suisse-trot.ch\/de\/wp-json\/wp\/v2\/pages\/29115\/revisions"}],"predecessor-version":[{"id":236042,"href":"https:\/\/suisse-trot.ch\/de\/wp-json\/wp\/v2\/pages\/29115\/revisions\/236042"}],"up":[{"embeddable":true,"href":"https:\/\/suisse-trot.ch\/de\/wp-json\/wp\/v2\/pages\/28640"}],"wp:attachment":[{"href":"https:\/\/suisse-trot.ch\/de\/wp-json\/wp\/v2\/media?parent=29115"}],"curies":[{"name":"wp","href":"https:\/\/api.w.org\/{rel}","templated":true}]}}